{"id":525,"date":"2025-01-28T12:06:27","date_gmt":"2025-01-28T12:06:27","guid":{"rendered":"https:\/\/www.azizarkan.com\/?page_id=525"},"modified":"2025-07-15T22:55:24","modified_gmt":"2025-07-15T22:55:24","slug":"hakkimizda","status":"publish","type":"page","link":"https:\/\/www.azizarkan.com\/?page_id=525","title":{"rendered":"HAKKIMIZDA"},"content":{"rendered":"\t\t<div data-elementor-type=\"wp-page\" data-elementor-id=\"525\" class=\"elementor elementor-525\">\n\t\t\t\t<div class=\"elementor-element elementor-element-5b5b582 e-flex e-con-boxed e-con e-parent\" data-id=\"5b5b582\" data-element_type=\"container\" data-e-type=\"container\">\n\t\t\t\t\t<div class=\"e-con-inner\">\n\t\t\t\t<div class=\"elementor-element elementor-element-09ea267 elementor-widget elementor-widget-heading\" data-id=\"09ea267\" data-element_type=\"widget\" data-e-type=\"widget\" data-widget_type=\"heading.default\">\n\t\t\t\t<div class=\"elementor-widget-container\">\n\t\t\t\t\t<h2 class=\"elementor-heading-title elementor-size-default\">Aziz Arkan Emlak Dan\u0131\u015fmanl\u0131k Hizmetleri\n\nAziz Arkan Emlak Dan\u0131\u015fmanl\u0131k Hizmetleri\nTarihi Yar\u0131mada Fatih'te Gayrimenkul\u00fcn\u00fcz\u00fc H\u0131zl\u0131, De\u011ferinde ve G\u00fcvenli Bir \u015eekilde \u0130\u015fleme D\u00f6n\u00fc\u015ft\u00fcrmeyi mi D\u00fc\u015f\u00fcn\u00fcyorsunuz?\n\u0130\u015fte O Vakit Do\u011fru Adrestesiniz!\n\n<\/h2>\t\t\t\t<\/div>\n\t\t\t\t<\/div>\n\t\t\t\t\t<\/div>\n\t\t\t\t<\/div>\n\t\t<div class=\"elementor-element elementor-element-7a15039 e-flex e-con-boxed e-con e-parent\" data-id=\"7a15039\" data-element_type=\"container\" data-e-type=\"container\">\n\t\t\t\t\t<div class=\"e-con-inner\">\n\t\t\t\t\t<\/div>\n\t\t\t\t<\/div>\n\t\t<div class=\"elementor-element elementor-element-7db35a7 e-flex e-con-boxed e-con e-parent\" data-id=\"7db35a7\" data-element_type=\"container\" data-e-type=\"container\">\n\t\t\t\t\t<div class=\"e-con-inner\">\n\t\t\t\t<div class=\"elementor-element elementor-element-cf2604f elementor-widget elementor-widget-heading\" data-id=\"cf2604f\" data-element_type=\"widget\" data-e-type=\"widget\" data-widget_type=\"heading.default\">\n\t\t\t\t<div class=\"elementor-widget-container\">\n\t\t\t\t\t<h2 class=\"elementor-heading-title elementor-size-default\">Ben Aziz ARKAN, Fatih'te b\u00fcy\u00fcd\u00fcm ve bu mahallenin her soka\u011f\u0131n\u0131 avucumun i\u00e7i gibi bilirim. \nEngelli bir birey olarak hayatta kar\u015f\u0131la\u015ft\u0131\u011f\u0131m her zorluk, bana insanlar\u0131n ihtiya\u00e7lar\u0131n\u0131 daha derinden anlama ve \u00e7\u00f6z\u00fcmler \u00fcretme yetene\u011fi kazand\u0131rd\u0131.\nGayrimenkul\u00fcn\u00fcz\u00fcn de\u011feri benim i\u00e7in sadece say\u0131lardan ibaret de\u011fil; ard\u0131ndaki hayalleri, emekleri ve beklentileri de g\u00f6r\u00fcr\u00fcm.\"\n\n* Gayrimenkul\u00fcn\u00fcz\u00fc satmak veya kiralamak, hayat\u0131n\u0131zdaki \u00f6nemli bir ad\u0131md\u0131r.\nBu s\u00fcre\u00e7te size sadece bir emlak dan\u0131\u015fman\u0131 de\u011fil, sizinle ayn\u0131 dili konu\u015fan, sizi anlayan ve her engeli a\u015farak hedefinize ula\u015fman\u0131z i\u00e7in size tam destek veren bir yol arkada\u015f\u0131 olaca\u011f\u0131m.\n\" Fatih'te G\u00fcvenilir Emlak Ofisi.\n\nM\u00fclk\u00fcn\u00fcze En Y\u00fcksek Fiyat!\nAtikali, Dervi\u015fali, H\u0131rka-i \u015eerif,\u00a0 Balat, Karag\u00fcmr\u00fck Sat\u0131\u015f Uzman\u0131.\nKiralama Derdine Son!\n\u00dccretsiz Ekspertiz!\n\nGayrimenkul \u0130\u015flemleriniz \u0130\u00e7in Aziz Arkan'\u0131 \u015eimdi Aray\u0131n!\n+90 536 920 8341\u00a0\n\nFatih'te G\u00fcvenilir Emlak Dan\u0131\u015fman\u0131\nFatih Ticari M\u00fclk Sat\u0131\u015f\u0131\nFatih'te Binan\u0131z De\u011ferini Bulsun!\n\nDE\u011eER &amp; KR\u0130TERLER\u0130M :\nFAYDA OLU\u015eTURMAK\nKAL\u0130TEL\u0130 H\u0130ZMET\nS\u00dcREKL\u0130 GEL\u0130\u015e\u0130M<\/h2>\t\t\t\t<\/div>\n\t\t\t\t<\/div>\n\t\t\t\t\t<\/div>\n\t\t\t\t<\/div>\n\t\t\t\t<\/div>\n\t\t","protected":false},"excerpt":{"rendered":"<p>Aziz Arkan Emlak Dan\u0131\u015fmanl\u0131k Hizmetleri Aziz Arkan Emlak Dan\u0131\u015fmanl\u0131k Hizmetleri Tarihi Yar\u0131mada Fatih&#8217;te Gayrimenkul\u00fcn\u00fcz\u00fc H\u0131zl\u0131, De\u011ferinde ve G\u00fcvenli Bir \u015eekilde \u0130\u015fleme D\u00f6n\u00fc\u015ft\u00fcrmeyi mi D\u00fc\u015f\u00fcn\u00fcyorsunuz? \u0130\u015fte O Vakit Do\u011fru Adrestesiniz! Ben Aziz ARKAN, Fatih&#8217;te b\u00fcy\u00fcd\u00fcm ve bu mahallenin her soka\u011f\u0131n\u0131 avucumun i\u00e7i gibi bilirim. Engelli bir birey olarak hayatta kar\u015f\u0131la\u015ft\u0131\u011f\u0131m her zorluk, bana insanlar\u0131n ihtiya\u00e7lar\u0131n\u0131 daha [&hellip;]<\/p>\n","protected":false},"author":1,"featured_media":0,"parent":0,"menu_order":0,"comment_status":"closed","ping_status":"closed","template":"","meta":{"om_disable_all_campaigns":false,"_monsterinsights_skip_tracking":false,"_monsterinsights_sitenote_active":false,"_monsterinsights_sitenote_note":"","_monsterinsights_sitenote_category":0,"_uf_show_specific_survey":0,"_uf_disable_surveys":false,"footnotes":""},"class_list":["post-525","page","type-page","status-publish","hentry"],"aioseo_notices":[],"_links":{"self":[{"href":"https:\/\/www.azizarkan.com\/index.php?rest_route=\/wp\/v2\/pages\/525","targetHints":{"allow":["GET"]}}],"collection":[{"href":"https:\/\/www.azizarkan.com\/index.php?rest_route=\/wp\/v2\/pages"}],"about":[{"href":"https:\/\/www.azizarkan.com\/index.php?rest_route=\/wp\/v2\/types\/page"}],"author":[{"embeddable":true,"href":"https:\/\/www.azizarkan.com\/index.php?rest_route=\/wp\/v2\/users\/1"}],"replies":[{"embeddable":true,"href":"https:\/\/www.azizarkan.com\/index.php?rest_route=%2Fwp%2Fv2%2Fcomments&post=525"}],"version-history":[{"count":20,"href":"https:\/\/www.azizarkan.com\/index.php?rest_route=\/wp\/v2\/pages\/525\/revisions"}],"predecessor-version":[{"id":3072,"href":"https:\/\/www.azizarkan.com\/index.php?rest_route=\/wp\/v2\/pages\/525\/revisions\/3072"}],"wp:attachment":[{"href":"https:\/\/www.azizarkan.com\/index.php?rest_route=%2Fwp%2Fv2%2Fmedia&parent=525"}],"curies":[{"name":"wp","href":"https:\/\/api.w.org\/{rel}","templated":true}]}}